{"id":2436,"date":"2017-01-24T14:15:36","date_gmt":"2017-01-24T13:15:36","guid":{"rendered":"http:\/\/localhost:8888\/zen\/?page_id=2436"},"modified":"2020-10-01T15:45:18","modified_gmt":"2020-10-01T13:45:18","slug":"pourquoi-exposer","status":"publish","type":"page","link":"https:\/\/www.vivez-nature.com\/paris\/exposer\/pourquoi-exposer\/","title":{"rendered":"Pourquoi exposer ?"},"content":{"rendered":"<p><img class=\"alignnone size-full wp-image-3962\" src=\"http:\/\/www.vivez-nature.com\/paris\/wp-content\/uploads\/sites\/4\/2017\/12\/banniere-exposer-1.jpg\" alt=\"\" width=\"820\" height=\"200\" srcset=\"https:\/\/www.vivez-nature.com\/paris\/wp-content\/uploads\/sites\/4\/2017\/12\/banniere-exposer-1.jpg 820w, https:\/\/www.vivez-nature.com\/paris\/wp-content\/uploads\/sites\/4\/2017\/12\/banniere-exposer-1-300x73.jpg 300w, https:\/\/www.vivez-nature.com\/paris\/wp-content\/uploads\/sites\/4\/2017\/12\/banniere-exposer-1-768x187.jpg 768w\" sizes=\"(max-width: 820px) 100vw, 820px\" \/><\/p>\n<p>4 jours, des visiteurs en recherche de bien-\u00eatre, de produits\u00a0de qualit\u00e9 respectueux de l\u2019environnement.<\/p>\n<div class=\"page-header-summary\">Vivez Nature, des salons organis\u00e9s par des professionnels du bien-\u00eatre, du bio et du d\u00e9veloppement durable<\/div>\n<p>&nbsp;<\/p>\n<h3>Juste apr\u00e8s les r\u00e9solutions de d\u00e9but d&rsquo;ann\u00e9e, Vivez Nature est une belle occasion pour rencontrer, dans un lieu prestigieux, des visiteurs cibl\u00e9s et motiv\u00e9s \u00e0 Paris.<\/h3>\n<p>&nbsp;<\/p>\n<h2>Un comit\u00e9 de s\u00e9lection rigoureux<\/h2>\n<p>Les produits alimentaires sont respectueux de l&rsquo;environnement. Les cosm\u00e9tiques sont soit certifi\u00e9s bio, soit naturels et exempts des ingr\u00e9dients interdits par les principaux cahiers des charges bio. Le comit\u00e9 de s\u00e9lection du salon s&rsquo;assure que les crit\u00e8res requis sont respect\u00e9s pour tous les produits et services pr\u00e9sent\u00e9s, dans le respect d&rsquo;une d\u00e9marche environnementale.<br \/>\nUne caution efficace pour les visiteurs qui font leurs achats sur le salon en toute confiance.<\/p>\n<p><a href=\"https:\/\/www.vivez-nature.com\/paris\/visiter\/charte-de-selection\/\" rel=\"noopener\">Consultez la charte de s\u00e9lection<\/a><\/p>\n<p>&nbsp;<\/p>\n<h2>Un salon organis\u00e9 par\u00a0<a href=\"http:\/\/www.spas-expo.com\/\">SPAS. <\/a><\/h2>\n<p><a href=\"https:\/\/www.spas-expo.com\" target=\"_blank\" rel=\"noopener noreferrer\"><strong>SPAS Organisation<\/strong><\/a>\u00a0est le plus grand organisateur en France d\u2019\u00e9v\u00e9nements grand public et professionnels d\u00e9di\u00e9s au bio, \u00e0 la nature, au bien-\u00eatre et \u00e0 l\u2019art de vivre. SPAS Organisation totalise 30 manifestations, des espaces tendances, ainsi qu\u2019une place de march\u00e9 en ligne.<\/p>\n<ul>\n<li><strong>Les salons Bio\u00a0<\/strong><strong>et Nature<\/strong>\u00a0: Marjolaine (Paris), Vivre Autrement (Paris), Naturally (Paris), No\u00ebl en bio (Paris), Vivez Nature (Paris), Permae (Paris)<\/li>\n<li><strong>Les salons professionnels<\/strong>: medFEL (Perpignan), Natexpo (Paris, Lyon), Natexpo International Tours (programme itin\u00e9rant)<\/li>\n<li><strong>Le r\u00e9seau des salons Zen &amp; Bio en r\u00e9gions<\/strong>\u00a0: Zen &amp; Bio (Nantes, Angers, Tours, Bordeaux), Artemisia (Marseille), NaturaBio (Lille), Respire La Vie (Poitiers, Vannes, Rennes, La Rochelle), Vivez Nature (Lyon)<\/li>\n<li><strong>Les salons Bien-\u00eatre et Art de vivre<\/strong>: Bien-\u00eatre M\u00e9decine Douce et Thalasso (Paris, Lyon, Marseille), Les Thermalies (Paris, Lyon), Zen (Paris), Saveurs des Plaisirs Gourmands (Paris), Mednat &amp; AgroBIO Expo (Lausanne)<\/li>\n<li><strong>Les espaces Tendances\u00a0:\u00a0<\/strong>SPAS r\u00e9v\u00e8le les tendances de demain et les met en lumi\u00e8re via des espaces d\u00e9di\u00e9s\u00a0: Bio &amp; Vegan, ViniBio, Go Healthy et le Rendez-vous de la Conscience sur ses salons grand public.<\/li>\n<li><strong>Sevellia.com\u00a0:\u00a0<\/strong>site de vente de produits biologiques et naturels (400 marchands et 22 000 r\u00e9f\u00e9rences)<\/li>\n<\/ul>\n<h2>Une communication impactante<\/h2>\n<p>Marketing direct :<\/p>\n<p>La puissance de 230 000 invitations diffus\u00e9es<\/p>\n<ul>\n<li>Boutiques bio partenaires<\/li>\n<li>Commerces bio et di\u00e9t\u00e9tiques<\/li>\n<li>Clubs et associations d\u2019environnement<\/li>\n<li>Centres et \u00e9tablissements de remise en forme et de beaut\u00e9<\/li>\n<li>Professionnels de la sant\u00e9<\/li>\n<li>Fichiers visiteurs<\/li>\n<\/ul>\n<p>Affichage &amp; Presse : une communication de proximit\u00e9<\/p>\n<ul>\n<li>Affichage urbain\u00a0: couloirs de m\u00e9tro<\/li>\n<li>Relations presse<\/li>\n<\/ul>\n<p>Web et m\u00e9dias sociaux : en affinit\u00e9 avec la communaut\u00e9 du bio et du bien-\u00eatre<\/p>\n<ul>\n<li>Newsletters pour chaque salon envoy\u00e9es \u00e0 J-30, J-15, J-7 et J-1 \u00e0 une base qualifi\u00e9e<\/li>\n<li>R\u00e9seaux sociaux (Facebook, Twitter)<\/li>\n<li>Un site internet d\u00e9di\u00e9 par salon annon\u00e7ant le programme et les exposants confirm\u00e9s<\/li>\n<\/ul>\n<p>En marge <a href=\"https:\/\/www.vivez-nature.com\/paris\/programme-du-salon\/conferences\/\">des conf\u00e9rences<\/a> anim\u00e9es par des sp\u00e9cialistes du bio et du bien-\u00eatre, vous pouvez aller plus loin gr\u00e2ce \u00e0 <a href=\"https:\/\/www.vivez-nature.com\/paris\/programme-du-salon\/ateliers-pratiques\/\">des ateliers<\/a> pour pr\u00e9senter vos produits et m\u00e9thodes, <a href=\"https:\/\/www.vivez-nature.com\/paris\/programme-du-salon\/pratiques-corporelles\/\">des espaces de pratiques<\/a>\u00a0afin de faire participer les visiteurs \u00e0 des animations bien-\u00eatre et corporelles.<\/p>\n<p>N&rsquo;h\u00e9sitez pas plus et <a href=\"https:\/\/www.vivez-nature.com\/paris\/exposer\/contacts-exposants\/\">r\u00e9servez votre animation<\/a>.\u00a0<\/p>\n<p>&nbsp;<\/p>\n<h2>Inscrivez-vous d\u00e8s maintenant !<\/h2>\n<p>Recevez une plaquette et\u00a0<a href=\"http:\/\/www.vivez-nature.com\/paris\/exposer\/demandez-votre-dossier\/\" rel=\"noopener\">un dossier pour une inscription <\/a>simplifi\u00e9e et mutualis\u00e9e.<\/p>\n<p><a href=\"https:\/\/www.vivez-nature.com\/paris\/visiter\/charte-de-selection\/\">Un comit\u00e9 d\u2019experts<\/a> par salon pour la s\u00e9lection des exposants et la garantie du respect de crit\u00e8res de qualit\u00e9 de tous les produits et services pr\u00e9sent\u00e9s s&rsquo;assure de la bonne conformit\u00e9 des exposants.\u00a0<\/p>\n","protected":false},"excerpt":{"rendered":"<p>4 jours, des visiteurs en recherche de bien-\u00eatre, de produits\u00a0de qualit\u00e9 respectueux de l\u2019environnement. Vivez Nature, des salons organis\u00e9s par des professionnels du bien-\u00eatre, du bio et du d\u00e9veloppement durable &nbsp; Juste apr\u00e8s les r\u00e9solutions de d\u00e9but d&rsquo;ann\u00e9e, Vivez Nature est une belle occasion pour rencontrer, dans un lieu prestigieux, des visiteurs cibl\u00e9s et motiv\u00e9s&hellip; <\/p>\n","protected":false},"author":1,"featured_media":0,"parent":2087,"menu_order":1,"comment_status":"closed","ping_status":"closed","template":"","meta":{"_monsterinsights_skip_tracking":false,"_monsterinsights_sitenote_active":false,"_monsterinsights_sitenote_note":"","_monsterinsights_sitenote_category":0},"yoast_head":"<!-- This site is optimized with the Yoast SEO plugin v19.0 - https:\/\/yoast.com\/wordpress\/plugins\/seo\/ -->\n<title>Pourquoi exposer ? - VIVEZ NATURE PARIS<\/title>\n<meta name=\"robots\" content=\"index, follow, max-snippet:-1, max-image-preview:large, max-video-preview:-1\" \/>\n<link rel=\"canonical\" href=\"https:\/\/www.vivez-nature.com\/paris\/exposer\/pourquoi-exposer\/\" \/>\n<meta property=\"og:locale\" content=\"fr_FR\" \/>\n<meta property=\"og:type\" content=\"article\" \/>\n<meta property=\"og:title\" content=\"Pourquoi exposer ? - VIVEZ NATURE PARIS\" \/>\n<meta property=\"og:description\" content=\"4 jours, des visiteurs en recherche de bien-\u00eatre, de produits\u00a0de qualit\u00e9 respectueux de l\u2019environnement. Vivez Nature, des salons organis\u00e9s par des professionnels du bien-\u00eatre, du bio et du d\u00e9veloppement durable &nbsp; Juste apr\u00e8s les r\u00e9solutions de d\u00e9but d&rsquo;ann\u00e9e, Vivez Nature est une belle occasion pour rencontrer, dans un lieu prestigieux, des visiteurs cibl\u00e9s et motiv\u00e9s&hellip;\" \/>\n<meta property=\"og:url\" content=\"https:\/\/www.vivez-nature.com\/paris\/exposer\/pourquoi-exposer\/\" \/>\n<meta property=\"og:site_name\" content=\"VIVEZ NATURE PARIS\" \/>\n<meta property=\"article:modified_time\" content=\"2020-10-01T13:45:18+00:00\" \/>\n<meta property=\"og:image\" content=\"http:\/\/www.vivez-nature.com\/paris\/wp-content\/uploads\/sites\/4\/2017\/12\/banniere-exposer-1.jpg\" \/>\n<meta name=\"twitter:card\" content=\"summary_large_image\" \/>\n<meta name=\"twitter:label1\" content=\"Dur\u00e9e de lecture estim\u00e9e\" \/>\n\t<meta name=\"twitter:data1\" content=\"3 minutes\" \/>\n<script type=\"application\/ld+json\" class=\"yoast-schema-graph\">{\"@context\":\"https:\/\/schema.org\",\"@graph\":[{\"@type\":\"WebSite\",\"@id\":\"https:\/\/www.vivez-nature.com\/paris\/#website\",\"url\":\"https:\/\/www.vivez-nature.com\/paris\/\",\"name\":\"VIVEZ NATURE PARIS\",\"description\":\"Salon Bio Nature et Bien-\u00eatre\",\"potentialAction\":[{\"@type\":\"SearchAction\",\"target\":{\"@type\":\"EntryPoint\",\"urlTemplate\":\"https:\/\/www.vivez-nature.com\/paris\/?s={search_term_string}\"},\"query-input\":\"required name=search_term_string\"}],\"inLanguage\":\"fr-FR\"},{\"@type\":\"ImageObject\",\"inLanguage\":\"fr-FR\",\"@id\":\"https:\/\/www.vivez-nature.com\/paris\/exposer\/pourquoi-exposer\/#primaryimage\",\"url\":\"http:\/\/www.vivez-nature.com\/paris\/wp-content\/uploads\/sites\/4\/2017\/12\/banniere-exposer-1.jpg\",\"contentUrl\":\"http:\/\/www.vivez-nature.com\/paris\/wp-content\/uploads\/sites\/4\/2017\/12\/banniere-exposer-1.jpg\"},{\"@type\":\"WebPage\",\"@id\":\"https:\/\/www.vivez-nature.com\/paris\/exposer\/pourquoi-exposer\/#webpage\",\"url\":\"https:\/\/www.vivez-nature.com\/paris\/exposer\/pourquoi-exposer\/\",\"name\":\"Pourquoi exposer ? - VIVEZ NATURE PARIS\",\"isPartOf\":{\"@id\":\"https:\/\/www.vivez-nature.com\/paris\/#website\"},\"primaryImageOfPage\":{\"@id\":\"https:\/\/www.vivez-nature.com\/paris\/exposer\/pourquoi-exposer\/#primaryimage\"},\"datePublished\":\"2017-01-24T13:15:36+00:00\",\"dateModified\":\"2020-10-01T13:45:18+00:00\",\"breadcrumb\":{\"@id\":\"https:\/\/www.vivez-nature.com\/paris\/exposer\/pourquoi-exposer\/#breadcrumb\"},\"inLanguage\":\"fr-FR\",\"potentialAction\":[{\"@type\":\"ReadAction\",\"target\":[\"https:\/\/www.vivez-nature.com\/paris\/exposer\/pourquoi-exposer\/\"]}]},{\"@type\":\"BreadcrumbList\",\"@id\":\"https:\/\/www.vivez-nature.com\/paris\/exposer\/pourquoi-exposer\/#breadcrumb\",\"itemListElement\":[{\"@type\":\"ListItem\",\"position\":1,\"name\":\"Accueil\",\"item\":\"https:\/\/www.vivez-nature.com\/paris\/\"},{\"@type\":\"ListItem\",\"position\":2,\"name\":\"Exposer sur le salon\",\"item\":\"https:\/\/www.vivez-nature.com\/paris\/exposer\/\"},{\"@type\":\"ListItem\",\"position\":3,\"name\":\"Pourquoi exposer ?\"}]}]}<\/script>\n<!-- \/ Yoast SEO plugin. -->","yoast_head_json":{"title":"Pourquoi exposer ? - VIVEZ NATURE PARIS","robots":{"index":"index","follow":"follow","max-snippet":"max-snippet:-1","max-image-preview":"max-image-preview:large","max-video-preview":"max-video-preview:-1"},"canonical":"https:\/\/www.vivez-nature.com\/paris\/exposer\/pourquoi-exposer\/","og_locale":"fr_FR","og_type":"article","og_title":"Pourquoi exposer ? - VIVEZ NATURE PARIS","og_description":"4 jours, des visiteurs en recherche de bien-\u00eatre, de produits\u00a0de qualit\u00e9 respectueux de l\u2019environnement. Vivez Nature, des salons organis\u00e9s par des professionnels du bien-\u00eatre, du bio et du d\u00e9veloppement durable &nbsp; Juste apr\u00e8s les r\u00e9solutions de d\u00e9but d&rsquo;ann\u00e9e, Vivez Nature est une belle occasion pour rencontrer, dans un lieu prestigieux, des visiteurs cibl\u00e9s et motiv\u00e9s&hellip;","og_url":"https:\/\/www.vivez-nature.com\/paris\/exposer\/pourquoi-exposer\/","og_site_name":"VIVEZ NATURE PARIS","article_modified_time":"2020-10-01T13:45:18+00:00","og_image":[{"url":"http:\/\/www.vivez-nature.com\/paris\/wp-content\/uploads\/sites\/4\/2017\/12\/banniere-exposer-1.jpg"}],"twitter_card":"summary_large_image","twitter_misc":{"Dur\u00e9e de lecture estim\u00e9e":"3 minutes"},"schema":{"@context":"https:\/\/schema.org","@graph":[{"@type":"WebSite","@id":"https:\/\/www.vivez-nature.com\/paris\/#website","url":"https:\/\/www.vivez-nature.com\/paris\/","name":"VIVEZ NATURE PARIS","description":"Salon Bio Nature et Bien-\u00eatre","potentialAction":[{"@type":"SearchAction","target":{"@type":"EntryPoint","urlTemplate":"https:\/\/www.vivez-nature.com\/paris\/?s={search_term_string}"},"query-input":"required name=search_term_string"}],"inLanguage":"fr-FR"},{"@type":"ImageObject","inLanguage":"fr-FR","@id":"https:\/\/www.vivez-nature.com\/paris\/exposer\/pourquoi-exposer\/#primaryimage","url":"http:\/\/www.vivez-nature.com\/paris\/wp-content\/uploads\/sites\/4\/2017\/12\/banniere-exposer-1.jpg","contentUrl":"http:\/\/www.vivez-nature.com\/paris\/wp-content\/uploads\/sites\/4\/2017\/12\/banniere-exposer-1.jpg"},{"@type":"WebPage","@id":"https:\/\/www.vivez-nature.com\/paris\/exposer\/pourquoi-exposer\/#webpage","url":"https:\/\/www.vivez-nature.com\/paris\/exposer\/pourquoi-exposer\/","name":"Pourquoi exposer ? - VIVEZ NATURE PARIS","isPartOf":{"@id":"https:\/\/www.vivez-nature.com\/paris\/#website"},"primaryImageOfPage":{"@id":"https:\/\/www.vivez-nature.com\/paris\/exposer\/pourquoi-exposer\/#primaryimage"},"datePublished":"2017-01-24T13:15:36+00:00","dateModified":"2020-10-01T13:45:18+00:00","breadcrumb":{"@id":"https:\/\/www.vivez-nature.com\/paris\/exposer\/pourquoi-exposer\/#breadcrumb"},"inLanguage":"fr-FR","potentialAction":[{"@type":"ReadAction","target":["https:\/\/www.vivez-nature.com\/paris\/exposer\/pourquoi-exposer\/"]}]},{"@type":"BreadcrumbList","@id":"https:\/\/www.vivez-nature.com\/paris\/exposer\/pourquoi-exposer\/#breadcrumb","itemListElement":[{"@type":"ListItem","position":1,"name":"Accueil","item":"https:\/\/www.vivez-nature.com\/paris\/"},{"@type":"ListItem","position":2,"name":"Exposer sur le salon","item":"https:\/\/www.vivez-nature.com\/paris\/exposer\/"},{"@type":"ListItem","position":3,"name":"Pourquoi exposer ?"}]}]}},"_links":{"self":[{"href":"https:\/\/www.vivez-nature.com\/paris\/wp-json\/wp\/v2\/pages\/2436"}],"collection":[{"href":"https:\/\/www.vivez-nature.com\/paris\/wp-json\/wp\/v2\/pages"}],"about":[{"href":"https:\/\/www.vivez-nature.com\/paris\/wp-json\/wp\/v2\/types\/page"}],"author":[{"embeddable":true,"href":"https:\/\/www.vivez-nature.com\/paris\/wp-json\/wp\/v2\/users\/1"}],"replies":[{"embeddable":true,"href":"https:\/\/www.vivez-nature.com\/paris\/wp-json\/wp\/v2\/comments?post=2436"}],"version-history":[{"count":45,"href":"https:\/\/www.vivez-nature.com\/paris\/wp-json\/wp\/v2\/pages\/2436\/revisions"}],"predecessor-version":[{"id":7090,"href":"https:\/\/www.vivez-nature.com\/paris\/wp-json\/wp\/v2\/pages\/2436\/revisions\/7090"}],"up":[{"embeddable":true,"href":"https:\/\/www.vivez-nature.com\/paris\/wp-json\/wp\/v2\/pages\/2087"}],"wp:attachment":[{"href":"https:\/\/www.vivez-nature.com\/paris\/wp-json\/wp\/v2\/media?parent=2436"}],"curies":[{"name":"wp","href":"https:\/\/api.w.org\/{rel}","templated":true}]}}