{"id":2446,"date":"2017-01-24T14:17:32","date_gmt":"2017-01-24T13:17:32","guid":{"rendered":"http:\/\/localhost:8888\/zen\/?page_id=2446"},"modified":"2022-06-09T12:36:06","modified_gmt":"2022-06-09T10:36:06","slug":"exposant_infos","status":"publish","type":"page","link":"https:\/\/www.vivez-nature.com\/paris\/exposer\/exposant_infos\/","title":{"rendered":"Informations exposants"},"content":{"rendered":"<p>Toutes les informations n\u00e9cessaires pour votre installation : montage, d\u00e9montage des stands, stockage des emballages, nettoyage, gardiennage, location de mobilier, \u00e9lectricit\u00e9, eau, internet, parking&#8230;sont disponibles <a href=\"mailto:oprouvost@spas-expo.com\">sur demande<\/a><\/p>\n<p>Afin d\u2019augmenter votre visibilit\u00e9 avant le salon, nous vous invitons \u00e0 cr\u00e9er un \u00e9v\u00e8nement sur Facebook pour indiquer votre pr\u00e9sence. Vos abonn\u00e9s et clients pourront ainsi savoir o\u00f9 vous trouver. Les \u00e9v\u00e8nements ont une meilleure port\u00e9e que les publications.<\/p>\n<p>Le nom de l\u2019\u00e9v\u00e8nement pourra prendre la forme\u00a0: [Votre nom] au salon Vivez Nature.<\/p>\n<p>N\u2019h\u00e9sitez pas \u00e0 nous ajouter en co-organisateur de votre \u00e9v\u00e8nement lors de sa cr\u00e9ation pour que l\u2019\u00e9v\u00e8nement soit aussi visible sur notre page Facebook. N\u2019oubliez pas d\u2019ajouter une description, le lieu du salon, ainsi que le lien pour que les personnes puissent demander leur entr\u00e9e. Pour cr\u00e9er un \u00e9v\u00e8nement rendez-vous sur la gauche de votre page Facebook dans la section \u00c9v\u00e8nements et cliquez simplement sur le bouton Cr\u00e9er un \u00e9v\u00e8nement.\u00a0<\/p>\n<h3>Pour vous loger durant le salon<\/h3>\n<p>&nbsp;<\/p>\n<p>&nbsp;<\/p>\n<p><iframe id=\"stay22-widget\" src=\"https:\/\/www.stay22.com\/embed\/vivez-nature-2020\" width=\"100%\" height=\"428\" frameborder=\"0\"><\/iframe><\/p>\n<div><a href=\"https:\/\/www.stay22.com\/events\/vivez-nature-2020\" target=\"_blank\" rel=\"noopener noreferrer\">View Vivez Nature 2020 hotels and apartments on Stay22<\/a><\/div>\n","protected":false},"excerpt":{"rendered":"<p>Toutes les informations n\u00e9cessaires pour votre installation : montage, d\u00e9montage des stands, stockage des emballages, nettoyage, gardiennage, location de mobilier, \u00e9lectricit\u00e9, eau, internet, parking&#8230;sont disponibles sur demande Afin d\u2019augmenter votre visibilit\u00e9 avant le salon, nous vous invitons \u00e0 cr\u00e9er un \u00e9v\u00e8nement sur Facebook pour indiquer votre pr\u00e9sence. Vos abonn\u00e9s et clients pourront ainsi savoir o\u00f9&hellip; <\/p>\n","protected":false},"author":1,"featured_media":0,"parent":2087,"menu_order":3,"comment_status":"closed","ping_status":"closed","template":"","meta":{"_monsterinsights_skip_tracking":false,"_monsterinsights_sitenote_active":false,"_monsterinsights_sitenote_note":"","_monsterinsights_sitenote_category":0},"yoast_head":"<!-- This site is optimized with the Yoast SEO plugin v19.0 - https:\/\/yoast.com\/wordpress\/plugins\/seo\/ -->\n<title>Informations exposants - VIVEZ NATURE PARIS<\/title>\n<meta name=\"robots\" content=\"index, follow, max-snippet:-1, max-image-preview:large, max-video-preview:-1\" \/>\n<link rel=\"canonical\" href=\"https:\/\/www.vivez-nature.com\/paris\/exposer\/exposant_infos\/\" \/>\n<meta property=\"og:locale\" content=\"fr_FR\" \/>\n<meta property=\"og:type\" content=\"article\" \/>\n<meta property=\"og:title\" content=\"Informations exposants - VIVEZ NATURE PARIS\" \/>\n<meta property=\"og:description\" content=\"Toutes les informations n\u00e9cessaires pour votre installation : montage, d\u00e9montage des stands, stockage des emballages, nettoyage, gardiennage, location de mobilier, \u00e9lectricit\u00e9, eau, internet, parking&#8230;sont disponibles sur demande Afin d\u2019augmenter votre visibilit\u00e9 avant le salon, nous vous invitons \u00e0 cr\u00e9er un \u00e9v\u00e8nement sur Facebook pour indiquer votre pr\u00e9sence. Vos abonn\u00e9s et clients pourront ainsi savoir o\u00f9&hellip;\" \/>\n<meta property=\"og:url\" content=\"https:\/\/www.vivez-nature.com\/paris\/exposer\/exposant_infos\/\" \/>\n<meta property=\"og:site_name\" content=\"VIVEZ NATURE PARIS\" \/>\n<meta property=\"article:modified_time\" content=\"2022-06-09T10:36:06+00:00\" \/>\n<meta name=\"twitter:card\" content=\"summary_large_image\" \/>\n<meta name=\"twitter:label1\" content=\"Dur\u00e9e de lecture estim\u00e9e\" \/>\n\t<meta name=\"twitter:data1\" content=\"1 minute\" \/>\n<script type=\"application\/ld+json\" class=\"yoast-schema-graph\">{\"@context\":\"https:\/\/schema.org\",\"@graph\":[{\"@type\":\"WebSite\",\"@id\":\"https:\/\/www.vivez-nature.com\/paris\/#website\",\"url\":\"https:\/\/www.vivez-nature.com\/paris\/\",\"name\":\"VIVEZ NATURE PARIS\",\"description\":\"Salon Bio Nature et Bien-\u00eatre\",\"potentialAction\":[{\"@type\":\"SearchAction\",\"target\":{\"@type\":\"EntryPoint\",\"urlTemplate\":\"https:\/\/www.vivez-nature.com\/paris\/?s={search_term_string}\"},\"query-input\":\"required name=search_term_string\"}],\"inLanguage\":\"fr-FR\"},{\"@type\":\"WebPage\",\"@id\":\"https:\/\/www.vivez-nature.com\/paris\/exposer\/exposant_infos\/#webpage\",\"url\":\"https:\/\/www.vivez-nature.com\/paris\/exposer\/exposant_infos\/\",\"name\":\"Informations exposants - VIVEZ NATURE PARIS\",\"isPartOf\":{\"@id\":\"https:\/\/www.vivez-nature.com\/paris\/#website\"},\"datePublished\":\"2017-01-24T13:17:32+00:00\",\"dateModified\":\"2022-06-09T10:36:06+00:00\",\"breadcrumb\":{\"@id\":\"https:\/\/www.vivez-nature.com\/paris\/exposer\/exposant_infos\/#breadcrumb\"},\"inLanguage\":\"fr-FR\",\"potentialAction\":[{\"@type\":\"ReadAction\",\"target\":[\"https:\/\/www.vivez-nature.com\/paris\/exposer\/exposant_infos\/\"]}]},{\"@type\":\"BreadcrumbList\",\"@id\":\"https:\/\/www.vivez-nature.com\/paris\/exposer\/exposant_infos\/#breadcrumb\",\"itemListElement\":[{\"@type\":\"ListItem\",\"position\":1,\"name\":\"Accueil\",\"item\":\"https:\/\/www.vivez-nature.com\/paris\/\"},{\"@type\":\"ListItem\",\"position\":2,\"name\":\"Exposer sur le salon\",\"item\":\"https:\/\/www.vivez-nature.com\/paris\/exposer\/\"},{\"@type\":\"ListItem\",\"position\":3,\"name\":\"Informations exposants\"}]}]}<\/script>\n<!-- \/ Yoast SEO plugin. -->","yoast_head_json":{"title":"Informations exposants - VIVEZ NATURE PARIS","robots":{"index":"index","follow":"follow","max-snippet":"max-snippet:-1","max-image-preview":"max-image-preview:large","max-video-preview":"max-video-preview:-1"},"canonical":"https:\/\/www.vivez-nature.com\/paris\/exposer\/exposant_infos\/","og_locale":"fr_FR","og_type":"article","og_title":"Informations exposants - VIVEZ NATURE PARIS","og_description":"Toutes les informations n\u00e9cessaires pour votre installation : montage, d\u00e9montage des stands, stockage des emballages, nettoyage, gardiennage, location de mobilier, \u00e9lectricit\u00e9, eau, internet, parking&#8230;sont disponibles sur demande Afin d\u2019augmenter votre visibilit\u00e9 avant le salon, nous vous invitons \u00e0 cr\u00e9er un \u00e9v\u00e8nement sur Facebook pour indiquer votre pr\u00e9sence. Vos abonn\u00e9s et clients pourront ainsi savoir o\u00f9&hellip;","og_url":"https:\/\/www.vivez-nature.com\/paris\/exposer\/exposant_infos\/","og_site_name":"VIVEZ NATURE PARIS","article_modified_time":"2022-06-09T10:36:06+00:00","twitter_card":"summary_large_image","twitter_misc":{"Dur\u00e9e de lecture estim\u00e9e":"1 minute"},"schema":{"@context":"https:\/\/schema.org","@graph":[{"@type":"WebSite","@id":"https:\/\/www.vivez-nature.com\/paris\/#website","url":"https:\/\/www.vivez-nature.com\/paris\/","name":"VIVEZ NATURE PARIS","description":"Salon Bio Nature et Bien-\u00eatre","potentialAction":[{"@type":"SearchAction","target":{"@type":"EntryPoint","urlTemplate":"https:\/\/www.vivez-nature.com\/paris\/?s={search_term_string}"},"query-input":"required name=search_term_string"}],"inLanguage":"fr-FR"},{"@type":"WebPage","@id":"https:\/\/www.vivez-nature.com\/paris\/exposer\/exposant_infos\/#webpage","url":"https:\/\/www.vivez-nature.com\/paris\/exposer\/exposant_infos\/","name":"Informations exposants - VIVEZ NATURE PARIS","isPartOf":{"@id":"https:\/\/www.vivez-nature.com\/paris\/#website"},"datePublished":"2017-01-24T13:17:32+00:00","dateModified":"2022-06-09T10:36:06+00:00","breadcrumb":{"@id":"https:\/\/www.vivez-nature.com\/paris\/exposer\/exposant_infos\/#breadcrumb"},"inLanguage":"fr-FR","potentialAction":[{"@type":"ReadAction","target":["https:\/\/www.vivez-nature.com\/paris\/exposer\/exposant_infos\/"]}]},{"@type":"BreadcrumbList","@id":"https:\/\/www.vivez-nature.com\/paris\/exposer\/exposant_infos\/#breadcrumb","itemListElement":[{"@type":"ListItem","position":1,"name":"Accueil","item":"https:\/\/www.vivez-nature.com\/paris\/"},{"@type":"ListItem","position":2,"name":"Exposer sur le salon","item":"https:\/\/www.vivez-nature.com\/paris\/exposer\/"},{"@type":"ListItem","position":3,"name":"Informations exposants"}]}]}},"_links":{"self":[{"href":"https:\/\/www.vivez-nature.com\/paris\/wp-json\/wp\/v2\/pages\/2446"}],"collection":[{"href":"https:\/\/www.vivez-nature.com\/paris\/wp-json\/wp\/v2\/pages"}],"about":[{"href":"https:\/\/www.vivez-nature.com\/paris\/wp-json\/wp\/v2\/types\/page"}],"author":[{"embeddable":true,"href":"https:\/\/www.vivez-nature.com\/paris\/wp-json\/wp\/v2\/users\/1"}],"replies":[{"embeddable":true,"href":"https:\/\/www.vivez-nature.com\/paris\/wp-json\/wp\/v2\/comments?post=2446"}],"version-history":[{"count":15,"href":"https:\/\/www.vivez-nature.com\/paris\/wp-json\/wp\/v2\/pages\/2446\/revisions"}],"predecessor-version":[{"id":7196,"href":"https:\/\/www.vivez-nature.com\/paris\/wp-json\/wp\/v2\/pages\/2446\/revisions\/7196"}],"up":[{"embeddable":true,"href":"https:\/\/www.vivez-nature.com\/paris\/wp-json\/wp\/v2\/pages\/2087"}],"wp:attachment":[{"href":"https:\/\/www.vivez-nature.com\/paris\/wp-json\/wp\/v2\/media?parent=2446"}],"curies":[{"name":"wp","href":"https:\/\/api.w.org\/{rel}","templated":true}]}}